{"id":88,"date":"2022-08-30T16:21:38","date_gmt":"2022-08-30T16:21:38","guid":{"rendered":"https:\/\/kyub.com\/schule\/?page_id=88"},"modified":"2026-04-21T09:11:05","modified_gmt":"2026-04-21T09:11:05","slug":"homepage_de","status":"publish","type":"page","link":"https:\/\/kyub.com\/schule\/?page_id=88&lang=de","title":{"rendered":"240310 Homepage &#8211; DE (engl) &#8211; Onepager"},"content":{"rendered":"<p>[et_pb_section fb_built=&#8221;1&#8243; fullwidth=&#8221;on&#8221; _builder_version=&#8221;4.17.4&#8243; _module_preset=&#8221;default&#8221; global_colors_info=&#8221;{}&#8221;][et_pb_fullwidth_slider _builder_version=&#8221;4.27.3&#8243; _module_preset=&#8221;default&#8221; hover_enabled=&#8221;0&#8243; sticky_enabled=&#8221;0&#8243;][et_pb_slide _builder_version=&#8221;4.27.3&#8243; _module_preset=&#8221;default&#8221; title_text=&#8221;HPI, KYUB Projekt&#8221; hover_enabled=&#8221;0&#8243; sticky_enabled=&#8221;0&#8243; background_image=&#8221;https:\/\/kyub.com\/schule\/wp-content\/uploads\/2026\/04\/3-KayH20260216-_J7A1120A-1-scaled.jpg&#8221; background_enable_image=&#8221;on&#8221;][\/et_pb_slide][et_pb_slide _builder_version=&#8221;4.27.3&#8243; _module_preset=&#8221;default&#8221; title_text=&#8221;HPI, KYUB Projekt&#8221; background_image=&#8221;https:\/\/kyub.com\/schule\/wp-content\/uploads\/2026\/04\/4-KayH20260216-_J7A1569AA-2-scaled.jpg&#8221; background_enable_image=&#8221;on&#8221; hover_enabled=&#8221;0&#8243; sticky_enabled=&#8221;0&#8243;][\/et_pb_slide][et_pb_slide _builder_version=&#8221;4.27.3&#8243; _module_preset=&#8221;default&#8221; title_text=&#8221;HPI, KYUB Projekt&#8221; background_image=&#8221;https:\/\/kyub.com\/schule\/wp-content\/uploads\/2026\/04\/2-KayH20260216-_J7A1563A-1-scaled.jpg&#8221; background_enable_image=&#8221;on&#8221; hover_enabled=&#8221;0&#8243; sticky_enabled=&#8221;0&#8243;][\/et_pb_slide][et_pb_slide _builder_version=&#8221;4.27.3&#8243; _module_preset=&#8221;default&#8221; title_text=&#8221;HPI, KYUB Projekt&#8221; background_image=&#8221;https:\/\/kyub.com\/schule\/wp-content\/uploads\/2026\/04\/1-KayH20260216-_J7A1327A-1-scaled.jpg&#8221; background_enable_image=&#8221;on&#8221; hover_enabled=&#8221;0&#8243; sticky_enabled=&#8221;0&#8243;][\/et_pb_slide][\/et_pb_fullwidth_slider][\/et_pb_section][et_pb_section fb_built=&#8221;1&#8243; _builder_version=&#8221;4.24.0&#8243; _module_preset=&#8221;default&#8221; min_height=&#8221;366.2px&#8221; global_colors_info=&#8221;{}&#8221;][et_pb_row _builder_version=&#8221;4.24.2&#8243; _module_preset=&#8221;default&#8221; custom_margin=&#8221;|auto|-277px|auto||&#8221; global_colors_info=&#8221;{}&#8221;][et_pb_column type=&#8221;4_4&#8243; _builder_version=&#8221;4.17.4&#8243; _module_preset=&#8221;default&#8221; global_colors_info=&#8221;{}&#8221;][et_pb_text content_tablet=&#8221;<\/p>\n<h1><span style=%22font-size: 30px;%22>Unsere Mission <\/span><\/h1>\n<p><span style=%22font-weight: 400;%22>Alle reden von Digitalisierung. Wir kommen aus dem<\/span><a href=%22http:\/\/www.hpi.de%22> <span style=%22font-weight: 400;%22>Hasso-Plattner-Institut<\/span><\/a><span style=%22font-weight: 400;%22> und sind damit bereits 100 % digital. Das erlaubt uns einen Schritt weiterzudenken: Was passiert eigentlich <\/span><i><span style=%22font-weight: 400;%22>nach<\/span><\/i><span style=%22font-weight: 400;%22> der Digitalisierung &#8211; was, wenn alles und alle digital sind? Welches sind die Folgen f\u00fcr Lernende und damit langfristig f\u00fcr die Gesellschaft?<\/span><\/p>\n<p><span style=%22font-weight: 400;%22>Auf dieser Frage baut unsere Vision auf: Vielleicht muss Digitalisierung ja gar nicht auf Kosten des Analogen, des Physischen gehen. Vielleicht k\u00f6nnen die beiden Gegens\u00e4tze ja einander erg\u00e4nzen und aufeinander aufbauen? <\/span><\/p>\n<p><span style=%22font-weight: 400;%22>Das ist genau die Idee hinter KYUB, unserem System f\u00fcr projektbezogenes, physisches Lernen im Schulunterricht: Werkst\u00fccke erst digital planen und konstruieren, dann analog herstellen und mit Spa\u00df f\u00e4cher\u00fcbergreifend lernen. <\/span><\/p>\n<h1><span style=%22font-size: 30px;%22><\/span><\/h1>\n<h1><span style=%22font-size: 30px;%22><\/span><\/h1>\n<p>&#8221; content_phone=&#8221;<\/p>\n<h1><span style=%22font-size: 30px;%22>Unsere Mission <\/span><\/h1>\n<p><span style=%22font-weight: 400;%22>Alle reden von Digitalisierung. Wir kommen aus dem<\/span><a href=%22http:\/\/www.hpi.de%22> <span style=%22font-weight: 400;%22>Hasso-Plattner-Institut<\/span><\/a><span style=%22font-weight: 400;%22> und sind damit bereits 100 % digital. Das erlaubt uns einen Schritt weiterzudenken: Was passiert eigentlich <\/span><i><span style=%22font-weight: 400;%22>nach<\/span><\/i><span style=%22font-weight: 400;%22> der Digitalisierung &#8211; was, wenn alles und alle digital sind? Welches sind die Folgen f\u00fcr Lernende und damit langfristig f\u00fcr die Gesellschaft?<\/span><\/p>\n<p><span style=%22font-weight: 400;%22>Auf dieser Frage baut unsere Vision auf: Vielleicht muss Digitalisierung ja gar nicht auf Kosten des Analogen, des Physischen gehen. Vielleicht k\u00f6nnen die beiden Gegens\u00e4tze ja einander erg\u00e4nzen und aufeinander aufbauen? <\/span><\/p>\n<p><span style=%22font-weight: 400;%22>Das ist genau die Idee hinter KYUB, unserem System f\u00fcr projektbezogenes, physisches Lernen im Schulunterricht: Werkst\u00fccke erst digital planen und konstruieren, dann analog herstellen und mit Spa\u00df f\u00e4cher\u00fcbergreifend lernen. <\/span><\/p>\n<h1><span style=%22font-size: 30px;%22><\/span><\/h1>\n<h1><span style=%22font-size: 30px;%22><\/span><\/h1>\n<p>&#8221; content_last_edited=&#8221;on|desktop&#8221; _builder_version=&#8221;4.24.0&#8243; _module_preset=&#8221;default&#8221; text_font=&#8221;||||||||&#8221; text_font_size=&#8221;18px&#8221; text_line_height=&#8221;1.4em&#8221; header_font=&#8221;|700|||||||&#8221; min_height=&#8221;298.2px&#8221; custom_margin=&#8221;||8px|||&#8221; custom_padding=&#8221;0px||0px|||&#8221; global_colors_info=&#8221;{}&#8221;]<\/p>\n<h1><span style=\"font-size: 30px;\">Unsere Mission<\/span><\/h1>\n<p><span style=\"font-weight: 400;\">Alle reden von Digitalisierung. Wir kommen aus dem<\/span><a href=\"http:\/\/www.hpi.de\"> <span style=\"font-weight: 400;\">Hasso-Plattner-Institut<\/span><\/a><span style=\"font-weight: 400;\"> und sind damit bereits 100 % digital. Das erlaubt uns einen Schritt weiterzudenken: Was passiert eigentlich <\/span><i><span style=\"font-weight: 400;\">nach<\/span><\/i><span style=\"font-weight: 400;\"> der Digitalisierung &#8211; was, wenn alles und alle digital sind? Welches sind die Folgen f\u00fcr Lernende und damit langfristig f\u00fcr die Gesellschaft?<\/span><\/p>\n<p><span style=\"font-weight: 400;\">Auf dieser Frage baut unsere Vision auf: Vielleicht muss Digitalisierung ja gar nicht auf Kosten des Analogen, des Physischen gehen. Vielleicht k\u00f6nnen die beiden Gegens\u00e4tze ja einander erg\u00e4nzen und aufeinander aufbauen?\u00a0<\/span><\/p>\n<p><span style=\"font-weight: 400;\">Das ist genau die Idee hinter KYUB, unserem System f\u00fcr projektbezogenes, physisches Lernen im Schulunterricht: Werkst\u00fccke erst digital planen und konstruieren, dann analog herstellen und mit Spa\u00df f\u00e4cher\u00fcbergreifend lernen.\u00a0<\/span><\/p>\n<h1><span style=\"font-size: 30px;\"><\/span><\/h1>\n<h1><span style=\"font-size: 30px;\"><\/span><\/h1>\n<p>[\/et_pb_text][\/et_pb_column][\/et_pb_row][et_pb_row _builder_version=&#8221;4.24.2&#8243; _module_preset=&#8221;default&#8221; global_colors_info=&#8221;{}&#8221;][et_pb_column type=&#8221;4_4&#8243; _builder_version=&#8221;4.24.2&#8243; _module_preset=&#8221;default&#8221; global_colors_info=&#8221;{}&#8221;][et_pb_text _builder_version=&#8221;4.24.2&#8243; _module_preset=&#8221;default&#8221; min_height=&#8221;16px&#8221; custom_margin=&#8221;||8px|||&#8221; custom_padding=&#8221;8px|||||&#8221; global_colors_info=&#8221;{}&#8221;]<\/p>\n<h4 style=\"text-align: right;\">Lehrkr\u00e4fte lernen KYUB kennen<\/h4>\n<p>[\/et_pb_text][et_pb_video src=&#8221;https:\/\/www.youtube.com\/watch?v=IgtUjycP5hY&#038;ab_channel=HassoPlattnerInstituteHCI&#8221; image_src=&#8221;https:\/\/kyub.com\/schule\/wp-content\/uploads\/2024\/03\/Screenshot-2024-03-10-160332-2.png&#8221; _builder_version=&#8221;4.24.2&#8243; _module_preset=&#8221;default&#8221; border_radii=&#8221;on|22px|22px|22px|22px&#8221; global_colors_info=&#8221;{}&#8221;][\/et_pb_video][\/et_pb_column][\/et_pb_row][\/et_pb_section][et_pb_section fb_built=&#8221;1&#8243; _builder_version=&#8221;4.24.2&#8243; _module_preset=&#8221;default&#8221; min_height=&#8221;1148.7px&#8221; global_colors_info=&#8221;{}&#8221;][et_pb_row _builder_version=&#8221;4.24.2&#8243; _module_preset=&#8221;default&#8221; min_height=&#8221;65.2px&#8221; custom_padding=&#8221;0px|||||&#8221; global_colors_info=&#8221;{}&#8221;][et_pb_column type=&#8221;4_4&#8243; _builder_version=&#8221;4.24.2&#8243; _module_preset=&#8221;default&#8221; global_colors_info=&#8221;{}&#8221;][et_pb_text content_tablet=&#8221;<\/p>\n<h1>System KYUB<\/h1>\n<p><span style=%22font-weight: 400;%22>KYUB ist das weltweit einzige System, das das Entwerfen und Prototyping von Objekten bis zur Gr\u00f6\u00dfe eines Stuhls innerhalb von Unterrichteinheiten erm\u00f6glicht. <\/span><\/p>\n<p><span style=%22font-weight: 400;%22>KYUB wurde am Hasso-Plattner-Institut f\u00fcr Digital Engineering unter der Leitung von Professor Patrick Baudisch erforscht und entwickelt. Gesch\u00fctzt durch vier Patente umfasst das System nicht nur interaktive Software und Lerninhalte, sondern auch die Steuerung von Fertigungsmaschinen, wie zum Beispiel Laser-Cutter. <\/span><a href=%22https:\/\/www.youtube.com\/watch?v=IgtUjycP5hY%22><span style=%22font-weight: 400;%22> <\/span><span style=%22font-weight: 400;%22> <\/span><\/a><span style=%22font-weight: 400;%22><\/span> <\/p>\n<h1><span style=%22font-size: 30px;%22><\/span><\/h1>\n<h1><span style=%22font-size: 30px;%22><\/span><\/h1>\n<p>&#8221; content_phone=&#8221;<\/p>\n<h1>System KYUB<\/h1>\n<p><span style=%22font-weight: 400;%22>KYUB ist das weltweit einzige System, das das Entwerfen und Prototyping von Objekten bis zur Gr\u00f6\u00dfe eines Stuhls innerhalb von Unterrichteinheiten erm\u00f6glicht. <\/span><\/p>\n<p><span style=%22font-weight: 400;%22>KYUB wurde am Hasso-Plattner-Institut f\u00fcr Digital Engineering unter der Leitung von Professor Patrick Baudisch erforscht und entwickelt. Gesch\u00fctzt durch vier Patente umfasst das System nicht nur interaktive Software und Lerninhalte, sondern auch die Steuerung von Fertigungsmaschinen, wie zum Beispiel Laser-Cutter. <\/span><a href=%22https:\/\/www.youtube.com\/watch?v=IgtUjycP5hY%22><span style=%22font-weight: 400;%22> <\/span><span style=%22font-weight: 400;%22> <\/span><\/a><\/p>\n<h1><span style=%22font-size: 30px;%22><\/span><\/h1>\n<p>&#8221; content_last_edited=&#8221;on|desktop&#8221; _builder_version=&#8221;4.24.2&#8243; _module_preset=&#8221;default&#8221; text_font=&#8221;||||||||&#8221; text_font_size=&#8221;18px&#8221; text_line_height=&#8221;1.4em&#8221; header_font=&#8221;|700|||||||&#8221; min_height=&#8221;168.2px&#8221; custom_margin=&#8221;||8px||false|false&#8221; custom_padding=&#8221;0px||0px||false|false&#8221; global_colors_info=&#8221;{}&#8221;]<\/p>\n<h1><span style=\"font-size: 30px;\">System KYUB<br \/><\/span><\/h1>\n<p><span style=\"font-weight: 400;\">KYUB ist das weltweit einzige System, das das Entwerfen und Prototyping von Objekten bis zur Gr\u00f6\u00dfe eines Stuhls innerhalb von Unterrichteinheiten erm\u00f6glicht.\u00a0<\/span><\/p>\n<p><span style=\"font-weight: 400;\">KYUB wurde am Hasso-Plattner-Institut f\u00fcr Digital Engineering unter der Leitung von Professor Patrick Baudisch erforscht und entwickelt. Gesch\u00fctzt durch vier Patente umfasst das System nicht nur interaktive Software und Lerninhalte, sondern auch die Steuerung von Fertigungsmaschinen, wie zum Beispiel Laser-Cutter.\u00a0 <\/span>\u00a0<\/p>\n<p>[\/et_pb_text][\/et_pb_column][\/et_pb_row][et_pb_row _builder_version=&#8221;4.24.2&#8243; _module_preset=&#8221;default&#8221; min_height=&#8221;202.5px&#8221; global_colors_info=&#8221;{}&#8221;][et_pb_column type=&#8221;4_4&#8243; _builder_version=&#8221;4.24.2&#8243; _module_preset=&#8221;default&#8221; global_colors_info=&#8221;{}&#8221;][et_pb_video src=&#8221;https:\/\/kyub.com\/schule\/wp-content\/uploads\/2024\/03\/media2-edit-2.mp4&#8243; image_src=&#8221;https:\/\/kyub.com\/schule\/wp-content\/uploads\/2024\/03\/image-02_V3_edited.jpg&#8221; _builder_version=&#8221;4.24.2&#8243; _module_preset=&#8221;default&#8221; border_radii=&#8221;on|22px|22px|22px|22px&#8221; global_colors_info=&#8221;{}&#8221;][\/et_pb_video][\/et_pb_column][\/et_pb_row][et_pb_row _builder_version=&#8221;4.24.2&#8243; _module_preset=&#8221;default&#8221; min_height=&#8221;231.4px&#8221; global_colors_info=&#8221;{}&#8221;][et_pb_column type=&#8221;4_4&#8243; _builder_version=&#8221;4.24.2&#8243; _module_preset=&#8221;default&#8221; global_colors_info=&#8221;{}&#8221;][et_pb_text content_tablet=&#8221;<\/p>\n<p><span style=%22font-weight: 400;%22>Kyub enth\u00e4lt eine Bibliothek f\u00e4cher\u00fcbergreifender Lerninhalte, in deren Mittelpunkt jeweils ein Gegenstand steht. Deren Auswahl ist ambitioniert, so gibt es beispielsweise belastbare M\u00f6belst\u00fccke und spielbare Musikinstrumente. Sie werden erst von den Lernenden im Webbrowser konstruiert und gestaltet, dann sp\u00e4ter physisch hergestellt. Durch das zielorientierte, praktische Machen entstehen Interesse, Engagement und Spa\u00df. Zug\u00e4nge zu darunter liegenden Lerninhalten werden er\u00f6ffnet. Bei dem Werkst\u00fcck %22Stuhl%22 z.B. werden zus\u00e4tzlich zu den F\u00e4chern Werken und Digitalem Gestalten Lerninhalte der Physik (Kraft, Schwingung), der Sprachen (Gegenstands- und oder Vorgangsbeschreibung) und der Geschichte (Manufaktur) angekn\u00fcpft. <br \/><\/span><\/p>\n<h1><span style=%22font-size: 30px;%22><\/span><\/h1>\n<h1><span style=%22font-size: 30px;%22><\/span><\/h1>\n<p>&#8221; content_phone=&#8221;<\/p>\n<p><span style=%22font-weight: 400;%22>Kyub enth\u00e4lt eine Bibliothek f\u00e4cher\u00fcbergreifender Lerninhalte, in deren Mittelpunkt jeweils ein Gegenstand steht. Deren Auswahl ist ambitioniert, so gibt es beispielsweise belastbare M\u00f6belst\u00fccke und spielbare Musikinstrumente. Sie werden erst von den Lernenden im Webbrowser konstruiert und gestaltet, dann sp\u00e4ter physisch hergestellt. Durch das zielorientierte, praktische Machen entstehen Interesse, Engagement und Spa\u00df. Zug\u00e4nge zu darunter liegenden Lerninhalten werden er\u00f6ffnet. Bei dem Werkst\u00fcck %22Stuhl%22 z.B. werden zus\u00e4tzlich zu den F\u00e4chern Werken und Digitalem Gestalten Lerninhalte der Physik (Kraft, Schwingung), der Sprachen (Gegenstands- und oder Vorgangsbeschreibung) und der Geschichte (Manufaktur) angekn\u00fcpft. <\/span><\/p>\n<\/p>\n<h1><span style=%22font-size: 30px;%22><\/span><\/h1>\n<h1><span style=%22font-size: 30px;%22><\/span><\/h1>\n<p>&#8221; content_last_edited=&#8221;on|desktop&#8221; _builder_version=&#8221;4.24.2&#8243; _module_preset=&#8221;default&#8221; text_font=&#8221;||||||||&#8221; text_font_size=&#8221;18px&#8221; text_line_height=&#8221;1.4em&#8221; header_font=&#8221;|700|||||||&#8221; min_height=&#8221;165.2px&#8221; custom_margin=&#8221;||0px||false|false&#8221; custom_padding=&#8221;0px||0px||false|false&#8221; global_colors_info=&#8221;{}&#8221;]<\/p>\n<p><span style=\"font-weight: 400;\">Kyub enth\u00e4lt eine Bibliothek f\u00e4cher\u00fcbergreifender Lerninhalte, in deren Mittelpunkt jeweils ein Gegenstand steht. Deren\u00a0 Auswahl ist ambitioniert, so gibt es beispielsweise belastbare M\u00f6belst\u00fccke und spielbare Musikinstrumente. Sie werden erst von den Lernenden im Webbrowser konstruiert und gestaltet, dann sp\u00e4ter physisch hergestellt. Durch das zielorientierte, praktische Machen entstehen Interesse, Engagement und Spa\u00df. Zug\u00e4nge zu darunter liegenden Lerninhalten werden er\u00f6ffnet. Bei dem Werkst\u00fcck &#8220;Stuhl&#8221; z.B. werden zus\u00e4tzlich zu den F\u00e4chern Werken und Digitalem Gestalten Lerninhalte der Physik (Kraft, Schwingung), der Sprachen (Gegenstands- und oder Vorgangsbeschreibung) und der Geschichte (Manufaktur) angekn\u00fcpft.<\/span><\/p>\n<p>[\/et_pb_text][\/et_pb_column][\/et_pb_row][\/et_pb_section][et_pb_section fb_built=&#8221;1&#8243; _builder_version=&#8221;4.17.4&#8243; _module_preset=&#8221;default&#8221; custom_padding=&#8221;0px||0px|||&#8221; global_colors_info=&#8221;{}&#8221;][et_pb_row _builder_version=&#8221;4.17.4&#8243; _module_preset=&#8221;default&#8221; custom_padding=&#8221;||0px|||&#8221; global_colors_info=&#8221;{}&#8221;][et_pb_column type=&#8221;4_4&#8243; _builder_version=&#8221;4.17.4&#8243; _module_preset=&#8221;default&#8221; global_colors_info=&#8221;{}&#8221;][et_pb_text _builder_version=&#8221;4.24.2&#8243; _module_preset=&#8221;default&#8221; min_height=&#8221;16px&#8221; custom_margin=&#8221;||8px|||&#8221; custom_padding=&#8221;8px|||||&#8221; global_colors_info=&#8221;{}&#8221;]<\/p>\n<h4 style=\"text-align: right;\">Bluetooth-Lautsprecher bauen in der 7. Klasse<\/h4>\n<p>[\/et_pb_text][et_pb_video src=&#8221;https:\/\/www.youtube.com\/watch?v=yxeoc4xrkl8&#038;ab_channel=HassoPlattnerInstituteHCI&#8221; image_src=&#8221;https:\/\/kyub.com\/schule\/wp-content\/uploads\/2024\/03\/super-edit-Nicht-benannt_edited-1-scaled.jpg&#8221; _builder_version=&#8221;4.24.2&#8243; _module_preset=&#8221;default&#8221; min_height=&#8221;94.9px&#8221; custom_margin=&#8221;||8px||false|false&#8221; custom_padding=&#8221;8px||||false|false&#8221; border_radii=&#8221;on|22px|22px|22px|22px&#8221; global_colors_info=&#8221;{}&#8221;][\/et_pb_video][\/et_pb_column][\/et_pb_row][\/et_pb_section][et_pb_section fb_built=&#8221;1&#8243; _builder_version=&#8221;4.17.4&#8243; _module_preset=&#8221;default&#8221; min_height=&#8221;1967.3px&#8221; custom_padding=&#8221;0px|||||&#8221; global_colors_info=&#8221;{}&#8221;][et_pb_row _builder_version=&#8221;4.24.0&#8243; _module_preset=&#8221;default&#8221; global_colors_info=&#8221;{}&#8221;][et_pb_column type=&#8221;4_4&#8243; _builder_version=&#8221;4.17.4&#8243; _module_preset=&#8221;default&#8221; global_colors_info=&#8221;{}&#8221;][et_pb_text content_tablet=&#8221;<\/p>\n<h1>Unser Fokus<\/h1>\n<p><span style=%22font-weight: 400;%22>Wir setzen auf Ver\u00e4nderung in der Schule und ihren Schnittstellen zur Gesellschaft. Unser Angebot richtet sich an engagierte Akteur:innen im Bildungswesen,<\/span><\/p>\n<ul>\n<li style=%22font-weight: 400;%22 aria-level=%221%22><span style=%22font-weight: 400;%22>die den Mangel an Interdisziplinarit\u00e4t als Problem empfinden <\/span><\/li>\n<li style=%22font-weight: 400;%22 aria-level=%221%22><span style=%22font-weight: 400;%22>die den Lernenden mehr Orientierung in Sachen Berufs- und Zukunftswahl geben m\u00f6chten<\/span><\/li>\n<li style=%22font-weight: 400;%22 aria-level=%221%22><span style=%22font-weight: 400;%22>die sich w\u00fcnschen, dass Technik und Handwerk zur\u00fcckkehren in den Schulalltag<\/span><\/li>\n<li style=%22font-weight: 400;%22 aria-level=%221%22><span style=%22font-weight: 400;%22>die Kindern l\u00f6sungsorientiertes kreatives Denken und Arbeiten im Team vermitteln m\u00f6chten<\/span><\/li>\n<li style=%22font-weight: 400;%22 aria-level=%221%22><span style=%22font-weight: 400;%22>die den Mut und die Energie haben, Schule zu verbessern<\/span><\/li>\n<\/ul>\n<p><span style=%22font-weight: 400;%22>Wir suchen Partnerschaften, mit Personen und Einrichtungen, die bereit sind, gemeinsam mit uns den oft steinigen Weg der Entwicklung, Durchsetzung und Finanzierung einer v\u00f6llig neuen Idee zu gehen. <\/span><\/p>\n<p>&#8221; content_phone=&#8221;<\/p>\n<h1>Unser Fokus<\/h1>\n<p><span style=%22font-weight: 400;%22>Wir setzen auf Ver\u00e4nderung in der Schule und ihren Schnittstellen zur Gesellschaft. Unser Angebot richtet sich an engagie<\/span><span style=%22font-weight: 400;%22>rte Akteur:innen im Bildungswesen,<\/span><\/p>\n<ul>\n<li style=%22font-weight: 400;%22 aria-level=%221%22><span style=%22font-weight: 400;%22>die den Mangel an Interdisziplinarit\u00e4t als Problem empfinden <\/span><\/li>\n<li style=%22font-weight: 400;%22 aria-level=%221%22><span style=%22font-weight: 400;%22>die den Lernenden mehr Orientierung in Sachen Berufs- und Zukunftswahl geben m\u00f6chten<\/span><\/li>\n<li style=%22font-weight: 400;%22 aria-level=%221%22><span style=%22font-weight: 400;%22>die sich w\u00fcnschen, dass Technik und Handwerk zur\u00fcckkehren in den Schulalltag<\/span><\/li>\n<li style=%22font-weight: 400;%22 aria-level=%221%22><span style=%22font-weight: 400;%22>die Kindern l\u00f6sungsorientiertes kreatives Denken und Arbeiten im Team vermitteln m\u00f6chten<\/span><\/li>\n<li style=%22font-weight: 400;%22 aria-level=%221%22><span style=%22font-weight: 400;%22>die den Mut und die Energie haben, Schule zu verbessern<\/span><\/li>\n<\/ul>\n<p><span style=%22font-weight: 400;%22>Wir suchen Partnerschaften, mit Personen und Einrichtungen, die bereit sind, gemeinsam mit uns den oft steinigen Weg der Entwicklung, Durchsetzung und Finanzierung einer v\u00f6llig neuen Idee zu gehen. <\/span><\/p>\n<\/p>\n<h1><span style=%22font-size: 30px;%22><\/span><\/h1>\n<h1><span style=%22font-size: 30px;%22><\/span><\/h1>\n<p>&#8221; content_last_edited=&#8221;on|desktop&#8221; _builder_version=&#8221;4.24.2&#8243; _module_preset=&#8221;default&#8221; text_font=&#8221;||||||||&#8221; text_font_size=&#8221;18px&#8221; text_line_height=&#8221;1.4em&#8221; header_font=&#8221;|700|||||||&#8221; custom_margin=&#8221;||-50px|||&#8221; custom_padding=&#8221;||0px|||&#8221; global_colors_info=&#8221;{}&#8221;]<\/p>\n<h1><span style=\"font-size: 30px;\">Unser Fokus <br \/><\/span><\/h1>\n<p><span style=\"font-weight: 400;\">Wir setzen auf Ver\u00e4nderung in der Schule und ihren Schnittstellen zur Gesellschaft. Unser Angebot richtet sich an engagierte Akteur:innen im Bildungswesen,<\/span><\/p>\n<ul>\n<li><span style=\"font-weight: 400;\">die den Mangel an Interdisziplinarit\u00e4t als Problem empfinden\u00a0<\/span><\/li>\n<li><span style=\"font-weight: 400;\">die den Lernenden mehr Orientierung in Sachen Berufs- und Zukunftswahl geben m\u00f6chten<\/span><\/li>\n<li><span style=\"font-weight: 400;\">die sich w\u00fcnschen, dass Technik und Handwerk zur\u00fcckkehren in den Schulalltag<\/span><\/li>\n<li><span style=\"font-weight: 400;\">die Kindern l\u00f6sungsorientiertes kreatives Denken und Arbeiten im Team vermitteln m\u00f6chten<\/span><\/li>\n<li><span style=\"font-weight: 400;\">die den Mut und die Energie haben, Schule zu verbessern<\/span><\/li>\n<\/ul>\n<p><span style=\"font-weight: 400;\">Wir suchen Partnerschaften, mit Personen und Einrichtungen, die bereit sind, gemeinsam mit uns den oft steinigen Weg der Entwicklung, Durchsetzung und Finanzierung einer v\u00f6llig neuen Idee zu gehen.\u00a0<\/span><\/p>\n<p>&nbsp;<\/p>\n<h1><span style=\"font-size: 30px;\"><\/span><\/h1>\n<h1><span style=\"font-size: 30px;\"><\/span><\/h1>\n<p>[\/et_pb_text][\/et_pb_column][\/et_pb_row][et_pb_row _builder_version=&#8221;4.24.0&#8243; _module_preset=&#8221;default&#8221; custom_padding=&#8221;0px|||||&#8221; global_colors_info=&#8221;{}&#8221;][et_pb_column type=&#8221;4_4&#8243; _builder_version=&#8221;4.24.0&#8243; _module_preset=&#8221;default&#8221; global_colors_info=&#8221;{}&#8221;][et_pb_image src=&#8221;https:\/\/kyub.com\/schule\/wp-content\/uploads\/2024\/03\/A-Otto-b-2020-08-25-12.31_edited-1.jpg&#8221; _builder_version=&#8221;4.24.0&#8243; _module_preset=&#8221;default&#8221; global_colors_info=&#8221;{}&#8221;][\/et_pb_image][\/et_pb_column][\/et_pb_row][et_pb_row _builder_version=&#8221;4.24.0&#8243; _module_preset=&#8221;default&#8221; global_colors_info=&#8221;{}&#8221;][et_pb_column type=&#8221;4_4&#8243; _builder_version=&#8221;4.24.0&#8243; _module_preset=&#8221;default&#8221; global_colors_info=&#8221;{}&#8221;][et_pb_text content_tablet=&#8221;<\/p>\n<h1>Das Leuchtturm-Projekt<\/h1>\n<p><span style=%22font-weight: 400;%22>Alexander Otto (49), der Schulleiter der<\/span><a href=%22https:\/\/gesamtschule-teltow.de\/%22> <span style=%22font-weight: 400;%22>Grace-Hopper-Gesamtschule in Teltow<\/span><\/a><span style=%22font-weight: 400;%22>, war nach dem Besuch eines Workshops \u00fcberzeugt von dem Konzept.<\/span><\/p>\n<p><b><i>%22Schule muss Freude machen. Schule sollte vorbereiten auf eine Berufswelt im 21. Jahrhundert und sie sollte Berufsorientierung m\u00f6glich machen. Vieles davon, erhoffe ich mir mit KYUB umzusetzen.%22<\/i><\/b><\/p>\n<p><span style=%22font-weight: 400;%22>Ihm gelingt es, seinen Schultr\u00e4ger, den Landkreis Potsdam-Mittelmark, ins Boot zu holen. Verabredet wird eine f\u00fcnfj\u00e4hrige Zusammenarbeit, durch die auch weitere Schulen im Landkreis KYUB nutzen k\u00f6nnen. <\/span><\/p>\n<p><span style=%22font-weight: 400;%22>Das erste Projekt wird mit den 8. Klassen umgesetzt: an 15 Projekttagen verteilt \u00fcber das Schulhalbjahr planen und bauen 120 Sch\u00fclerinnen und Sch\u00fcler jeweils ihre eigene Cajon und gestalten am Ende mit diesen Instrumenten ein Abschlusskonzert.<\/span><\/p>\n<p><b><i>%22Die einzelnen Fachlehrkr\u00e4fte packen ihre Fachstunden mit rein. Sie planen, was sie aus ihren Rahmenlehrplan-Vorgaben rausziehen und innerhalb der Projekttage abdecken k\u00f6nnen. Das Kollegium tr\u00e4gt das voll mit. Das f\u00fchrt zu einer Haltung, die wichtig ist im Umgang mit Innovation.%22<\/i><\/b><span style=%22font-weight: 400;%22> <\/span><\/p>\n<p><span style=%22font-weight: 400;%22>(Schulleiter Alexander Otto)<\/span><\/p>\n<p>&#8221; content_phone=&#8221;<\/p>\n<h1>Das Leuchtturm-Projekt<\/h1>\n<p><span style=%22font-weight: 400;%22>Alexander Otto (49), der Schulleiter der<\/span><a href=%22https:\/\/gesamtschule-teltow.de\/%22> <span style=%22font-weight: 400;%22>Grace-Hopper-Gesamtschule in Teltow<\/span><\/a><span style=%22font-weight: 400;%22>, war nach dem Besuch eines Workshops \u00fcberzeugt von dem Konzept.<\/span><\/p>\n<p><b><i>%22Schule muss Freude machen. Schule sollte vorbereiten auf eine Berufswelt im 21. Jahrhundert und sie sollte Berufsorientierung m\u00f6glich machen. Vieles davon, erhoffe ich mir mit KYUB umzusetzen.%22<\/i><\/b><\/p>\n<p><span style=%22font-weight: 400;%22>Ihm gelingt es, seinen Schultr\u00e4ger, den Landkreis Potsdam-Mittelmark, ins Boot zu holen. Verabredet wird eine f\u00fcnfj\u00e4hrige Zusammenarbeit, durch die auch weitere Schulen im Landkreis KYUB nutzen k\u00f6nnen. <\/span><\/p>\n<p><span style=%22font-weight: 400;%22>Das erste Projekt wird mit den 8. Klassen umgesetzt: an 15 Projekttagen verteilt \u00fcber das Schulhalbjahr planen und bauen 120 Sch\u00fclerinnen und Sch\u00fcler jeweils ihre eigene Cajon und gestalten am Ende mit diesen Instrumenten ein Abschlusskonzert.<\/span><\/p>\n<p><b><i>%22Die einzelnen Fachlehrkr\u00e4fte packen ihre Fachstunden mit rein. Sie planen, was sie aus ihren Rahmenlehrplan-Vorgaben rausziehen und innerhalb der Projekttage abdecken k\u00f6nnen. Das Kollegium tr\u00e4gt das voll mit. Das f\u00fchrt zu einer Haltung, die wichtig ist im Umgang mit Innovation.%22<\/i><\/b><span style=%22font-weight: 400;%22> <\/span><\/p>\n<p><span style=%22font-weight: 400;%22>(Schulleiter Alexander Otto)<\/span><\/p>\n<p>&#8221; content_last_edited=&#8221;on|desktop&#8221; _builder_version=&#8221;4.24.0&#8243; _module_preset=&#8221;default&#8221; text_font=&#8221;||||||||&#8221; text_font_size=&#8221;18px&#8221; text_line_height=&#8221;1.4em&#8221; header_font=&#8221;|700|||||||&#8221; min_height=&#8221;456.8px&#8221; custom_margin=&#8221;||6px|||&#8221; custom_padding=&#8221;||0px|||&#8221; global_colors_info=&#8221;{}&#8221;]<\/p>\n<h1><span style=\"font-size: 30px;\">Das Leuchtturm-Projekt <br \/><\/span><\/h1>\n<p><span style=\"font-weight: 400;\">Alexander Otto (49), der Schulleiter der <\/span><a href=\"https:\/\/gesamtschule-teltow.de\/\"><span style=\"font-weight: 400;\">Grace-Hopper-Gesamtschule in Teltow<\/span><\/a><span style=\"font-weight: 400;\">, war nach dem Besuch eines Workshops \u00fcberzeugt von dem Konzept. <\/span><\/p>\n<p><strong><em>&#8220;Schule muss Freude machen. Schule sollte vorbereiten auf eine Berufswelt im 21. Jahrhundert und sie sollte Berufsorientierung m\u00f6glich machen. Vieles davon, erhoffe ich mir mit KYUB umzusetzen.&#8221;<\/em> <\/strong><\/p>\n<p><span style=\"font-weight: 400;\">Ihm gelingt es, seinen Schultr\u00e4ger, den Landkreis Potsdam-Mittelmark, ins Boot zu holen. Verabredet wird eine f\u00fcnfj\u00e4hrige Zusammenarbeit, durch die auch weitere Schulen im Landkreis KYUB nutzen k\u00f6nnen.\u00a0<\/span><span style=\"font-weight: 400;\"><\/span><\/p>\n<p><span style=\"font-weight: 400;\">Das erste Projekt wird mit den 8. Klassen umgesetzt: an 15 Projekttagen verteilt \u00fcber das Schulhalbjahr planen und bauen 120 Sch\u00fclerinnen und Sch\u00fcler jeweils ihre eigene Cajon und gestalten am Ende mit diesen Instrumenten ein Abschlusskonzert. <\/span><\/p>\n<p><span style=\"font-weight: 400;\"><em><strong>&#8220;Die einzelnen Fachlehrkr\u00e4fte packen ihre Fachstunden mit rein. Sie planen, was sie aus ihren Rahmenlehrplan-Vorgaben rausziehen und innerhalb der Projekttage abdecken k\u00f6nnen. <\/strong><\/em><\/span><span style=\"font-weight: 400;\"><em><strong>Das Kollegium tr\u00e4gt das voll mit.<\/strong><\/em><\/span><span style=\"font-weight: 400;\"><em><strong> Das f\u00fchrt zu einer Haltung, die wichtig ist im Umgang mit Innovation.&#8221;<\/strong><\/em>\u00a0 <\/span><\/p>\n<p><span style=\"font-weight: 400;\">(Schulleiter Alexander Otto)<\/span><\/p>\n<h1><span style=\"font-size: 30px;\"><\/span><\/h1>\n<h1><span style=\"font-size: 30px;\"><\/span><\/h1>\n<p>[\/et_pb_text][et_pb_image src=&#8221;https:\/\/kyub.com\/schule\/wp-content\/uploads\/2024\/03\/KayH20211111-1M7A0056-1-scaled.jpg&#8221; _builder_version=&#8221;4.24.0&#8243; _module_preset=&#8221;default&#8221; global_colors_info=&#8221;{}&#8221;][\/et_pb_image][\/et_pb_column][\/et_pb_row][et_pb_row _builder_version=&#8221;4.24.2&#8243; _module_preset=&#8221;default&#8221; global_colors_info=&#8221;{}&#8221;][et_pb_column type=&#8221;4_4&#8243; _builder_version=&#8221;4.24.2&#8243; _module_preset=&#8221;default&#8221; global_colors_info=&#8221;{}&#8221;][et_pb_text content_tablet=&#8221;<\/p>\n<h1>Unser Fokus<\/h1>\n<p><span style=%22font-weight: 400;%22>Wir setzen auf Ver\u00e4nderung in der Schule und ihren Schnittstellen zur Gesellschaft. Unser Angebot richtet sich an engagierte Akteur:innen im Bildungswesen,<\/span><\/p>\n<ul>\n<li style=%22font-weight: 400;%22 aria-level=%221%22><span style=%22font-weight: 400;%22>die den Mangel an Interdisziplinarit\u00e4t als Problem empfinden <\/span><\/li>\n<li style=%22font-weight: 400;%22 aria-level=%221%22><span style=%22font-weight: 400;%22>die den Lernenden mehr Orientierung in Sachen Berufs- und Zukunftswahl geben m\u00f6chten<\/span><\/li>\n<li style=%22font-weight: 400;%22 aria-level=%221%22><span style=%22font-weight: 400;%22>die sich w\u00fcnschen, dass Technik und Handwerk zur\u00fcckkehren in den Schulalltag<\/span><\/li>\n<li style=%22font-weight: 400;%22 aria-level=%221%22><span style=%22font-weight: 400;%22>die Kindern l\u00f6sungsorientiertes kreatives Denken und Arbeiten im Team vermitteln m\u00f6chten<\/span><\/li>\n<li style=%22font-weight: 400;%22 aria-level=%221%22><span style=%22font-weight: 400;%22>die den Mut und die Energie haben, Schule zu verbessern<\/span><\/li>\n<\/ul>\n<p><span style=%22font-weight: 400;%22>Wir suchen Partnerschaften, mit Personen und Einrichtungen, die bereit sind, gemeinsam mit uns den oft steinigen Weg der Entwicklung, Durchsetzung und Finanzierung einer v\u00f6llig neuen Idee zu gehen. <\/span><\/p>\n<p>&#8221; content_phone=&#8221;<\/p>\n<h1>Unser Fokus<\/h1>\n<p><span style=%22font-weight: 400;%22>Wir setzen auf Ver\u00e4nderung in der Schule und ihren Schnittstellen zur Gesellschaft. Unser Angebot richtet sich an engagie<\/span><span style=%22font-weight: 400;%22>rte Akteur:innen im Bildungswesen,<\/span><\/p>\n<ul>\n<li style=%22font-weight: 400;%22 aria-level=%221%22><span style=%22font-weight: 400;%22>die den Mangel an Interdisziplinarit\u00e4t als Problem empfinden <\/span><\/li>\n<li style=%22font-weight: 400;%22 aria-level=%221%22><span style=%22font-weight: 400;%22>die den Lernenden mehr Orientierung in Sachen Berufs- und Zukunftswahl geben m\u00f6chten<\/span><\/li>\n<li style=%22font-weight: 400;%22 aria-level=%221%22><span style=%22font-weight: 400;%22>die sich w\u00fcnschen, dass Technik und Handwerk zur\u00fcckkehren in den Schulalltag<\/span><\/li>\n<li style=%22font-weight: 400;%22 aria-level=%221%22><span style=%22font-weight: 400;%22>die Kindern l\u00f6sungsorientiertes kreatives Denken und Arbeiten im Team vermitteln m\u00f6chten<\/span><\/li>\n<li style=%22font-weight: 400;%22 aria-level=%221%22><span style=%22font-weight: 400;%22>die den Mut und die Energie haben, Schule zu verbessern<\/span><\/li>\n<\/ul>\n<p><span style=%22font-weight: 400;%22>Wir suchen Partnerschaften, mit Personen und Einrichtungen, die bereit sind, gemeinsam mit uns den oft steinigen Weg der Entwicklung, Durchsetzung und Finanzierung einer v\u00f6llig neuen Idee zu gehen. <\/span><\/p>\n<\/p>\n<h1><span style=%22font-size: 30px;%22><\/span><\/h1>\n<h1><span style=%22font-size: 30px;%22><\/span><\/h1>\n<p>&#8221; content_last_edited=&#8221;on|desktop&#8221; _builder_version=&#8221;4.24.2&#8243; _module_preset=&#8221;default&#8221; text_font=&#8221;||||||||&#8221; text_font_size=&#8221;18px&#8221; text_line_height=&#8221;1.4em&#8221; header_font=&#8221;|700|||||||&#8221; custom_margin=&#8221;||-50px|||&#8221; custom_padding=&#8221;||0px|||&#8221; global_colors_info=&#8221;{}&#8221;]<\/p>\n<h1><span style=\"font-size: 30px;\">KYUB GmbH<\/span><\/h1>\n<p><span style=\"font-weight: 400;\">Das KYUB-System entstand urspr\u00fcnglich am<\/span><a href=\"https:\/\/hpi.de\/\"> <span style=\"font-weight: 400;\">Hasso-Plattner-Institut<\/span><\/a><span style=\"font-weight: 400;\">. Die KYUB GmbH ist eine Ausgr\u00fcndung des Instituts. Gesellschafter sind<\/span><a href=\"https:\/\/hpi.de\/forschung\/fachgebiete\/human-computer-interaction.html\"><span style=\"font-weight: 400;\"> Prof. Dr. Patrick Baudisch<\/span><\/a><span style=\"font-weight: 400;\"> und der<\/span><a href=\"https:\/\/hpiseed.de\/\"><span style=\"font-weight: 400;\"> HPI Seed Fund<\/span><\/a><span style=\"font-weight: 400;\">. Die Gesch\u00e4ftsf\u00fchrung tr\u00e4gt<\/span><a href=\"https:\/\/www.linkedin.com\/in\/annaroumen\/?originalSubdomain=de\"><span style=\"font-weight: 400;\"> Anna Roumen<\/span><\/a><span style=\"font-weight: 400;\">. Seit 2024 wird Kyub durch den<\/span><a href=\"https:\/\/www.potsdam-mittelmark.de\/startseite\"><span style=\"font-weight: 400;\"> Landkreis Potsdam Mittelmark<\/span><\/a><span style=\"font-weight: 400;\"> gef\u00f6rdert.<\/span><\/p>\n<p><span style=\"font-weight: 400;\">Wir freuen uns auf Ihr Interesse: schule@kyub.com<\/span><\/p>\n<p>[\/et_pb_text][\/et_pb_column][\/et_pb_row][\/et_pb_section][et_pb_section fb_built=&#8221;1&#8243; _builder_version=&#8221;4.24.2&#8243; _module_preset=&#8221;default&#8221; min_height=&#8221;1848.2px&#8221; global_colors_info=&#8221;{}&#8221;][et_pb_row _builder_version=&#8221;4.24.2&#8243; _module_preset=&#8221;default&#8221; min_height=&#8221;36px&#8221; global_colors_info=&#8221;{}&#8221;][et_pb_column type=&#8221;4_4&#8243; _builder_version=&#8221;4.24.2&#8243; _module_preset=&#8221;default&#8221; global_colors_info=&#8221;{}&#8221;][et_pb_text _builder_version=&#8221;4.24.2&#8243; _module_preset=&#8221;default&#8221; global_colors_info=&#8221;{}&#8221;]<\/p>\n<h1><strong>KYUB in den Medien<\/strong><\/h1>\n<p>[\/et_pb_text][\/et_pb_column][\/et_pb_row][et_pb_row _builder_version=&#8221;4.24.2&#8243; _module_preset=&#8221;default&#8221; min_height=&#8221;306px&#8221; global_colors_info=&#8221;{}&#8221;][et_pb_column type=&#8221;4_4&#8243; _builder_version=&#8221;4.24.2&#8243; _module_preset=&#8221;default&#8221; global_colors_info=&#8221;{}&#8221;][et_pb_text _builder_version=&#8221;4.24.2&#8243; _module_preset=&#8221;default&#8221; text_font=&#8221;||||||||&#8221; text_font_size=&#8221;18px&#8221; text_line_height=&#8221;1.4em&#8221; header_font=&#8221;|700|||||||&#8221; header_2_font=&#8221;Montserrat|700|||||||&#8221; background_color=&#8221;#FFFFFF&#8221; background_enable_image=&#8221;off&#8221; link_option_url=&#8221;https:\/\/privatschulen.de\/images\/e-paper\/epaper-2023_Feie_Bildung\/#26&#8243; link_option_url_new_window=&#8221;on&#8221; global_colors_info=&#8221;{}&#8221;]<\/p>\n<h2><img loading=\"lazy\" decoding=\"async\" src=\"https:\/\/kyub.com\/schule\/wp-content\/uploads\/2024\/03\/Screenshot-2024-03-10-192326-300x207.png\" width=\"300\" height=\"207\" alt=\"\" class=\"wp-image-387 alignleft size-medium\" \/><\/h2>\n<h4><\/h4>\n<h4><a href=\"https:\/\/privatschulen.de\/images\/e-paper\/epaper-2023_Feie_Bildung\/#26\" title=\"https:\/\/privatschulen.de\/images\/e-paper\/epaper-2023_Feie_Bildung\/#26\">Freie Bildung<\/a><\/h4>\n<h4><a href=\"https:\/\/privatschulen.de\/images\/e-paper\/epaper-2023_Feie_Bildung\/#26\" title=\"https:\/\/privatschulen.de\/images\/e-paper\/epaper-2023_Feie_Bildung\/#26\">Herbst 2023<\/a><\/h4>\n<p>&nbsp;<\/p>\n<p>[\/et_pb_text][\/et_pb_column][\/et_pb_row][et_pb_row _builder_version=&#8221;4.24.2&#8243; _module_preset=&#8221;default&#8221; global_colors_info=&#8221;{}&#8221;][et_pb_column type=&#8221;4_4&#8243; _builder_version=&#8221;4.24.2&#8243; _module_preset=&#8221;default&#8221; global_colors_info=&#8221;{}&#8221;][et_pb_text _builder_version=&#8221;4.24.2&#8243; _module_preset=&#8221;default&#8221; text_font=&#8221;||||||||&#8221; text_font_size=&#8221;18px&#8221; text_line_height=&#8221;1.4em&#8221; header_font=&#8221;|700|||||||&#8221; header_2_font=&#8221;Montserrat|700|||||||&#8221; background_color=&#8221;#FFFFFF&#8221; background_enable_image=&#8221;off&#8221; link_option_url=&#8221;https:\/\/kyub.com\/schule\/wp-content\/uploads\/2022\/08\/Der-Tagesspiegel-Kyub.pdf&#8221; global_colors_info=&#8221;{}&#8221;]<\/p>\n<h2><img loading=\"lazy\" decoding=\"async\" src=\"https:\/\/kyub.com\/schule\/wp-content\/uploads\/2024\/03\/Screenshot-2024-03-10-193551-300x199.png\" width=\"300\" height=\"199\" alt=\"\" class=\"wp-image-393 alignleft size-medium\" \/><\/h2>\n<h4><\/h4>\n<h4><\/h4>\n<h4>Tagesspiegel<\/h4>\n<h4>5. April 2022<\/h4>\n<p>&nbsp;<\/p>\n<p>[\/et_pb_text][\/et_pb_column][\/et_pb_row][et_pb_row _builder_version=&#8221;4.24.2&#8243; _module_preset=&#8221;default&#8221; global_colors_info=&#8221;{}&#8221;][et_pb_column type=&#8221;4_4&#8243; _builder_version=&#8221;4.24.2&#8243; _module_preset=&#8221;default&#8221; global_colors_info=&#8221;{}&#8221;][et_pb_text _builder_version=&#8221;4.24.2&#8243; _module_preset=&#8221;default&#8221; text_font=&#8221;||||||||&#8221; text_font_size=&#8221;18px&#8221; text_line_height=&#8221;1.4em&#8221; header_font=&#8221;|700|||||||&#8221; header_2_font=&#8221;Montserrat|700|||||||&#8221; background_color=&#8221;#FFFFFF&#8221; background_enable_image=&#8221;off&#8221; link_option_url=&#8221;https:\/\/avr-emags.de\/emags\/didactaDIGITAL\/didactaDIGITAL_0122\/#16&#8243; link_option_url_new_window=&#8221;on&#8221; global_colors_info=&#8221;{}&#8221;]<\/p>\n<h2><img loading=\"lazy\" decoding=\"async\" src=\"https:\/\/kyub.com\/schule\/wp-content\/uploads\/2024\/03\/Screenshot-2024-03-10-191756-300x227.png\" width=\"300\" height=\"227\" alt=\"\" class=\"wp-image-386 alignleft size-medium\" \/><\/h2>\n<h4><\/h4>\n<h4><a href=\"https:\/\/avr-emags.de\/emags\/didactaDIGITAL\/didactaDIGITAL_0122\/#16\" title=\"https:\/\/avr-emags.de\/emags\/didactaDIGITAL\/didactaDIGITAL_0122\/#16\">Didacta Digital<\/a><\/h4>\n<h4><a href=\"https:\/\/avr-emags.de\/emags\/didactaDIGITAL\/didactaDIGITAL_0122\/#16\" title=\"https:\/\/avr-emags.de\/emags\/didactaDIGITAL\/didactaDIGITAL_0122\/#16\">2022<\/a><\/h4>\n<p>&nbsp;<\/p>\n<p>[\/et_pb_text][\/et_pb_column][\/et_pb_row][et_pb_row _builder_version=&#8221;4.24.2&#8243; _module_preset=&#8221;default&#8221; global_colors_info=&#8221;{}&#8221;][et_pb_column type=&#8221;4_4&#8243; _builder_version=&#8221;4.24.2&#8243; _module_preset=&#8221;default&#8221; global_colors_info=&#8221;{}&#8221;][et_pb_text _builder_version=&#8221;4.24.2&#8243; _module_preset=&#8221;default&#8221; text_font=&#8221;||||||||&#8221; text_font_size=&#8221;18px&#8221; text_line_height=&#8221;1.4em&#8221; header_font=&#8221;|700|||||||&#8221; header_2_font=&#8221;Montserrat|700|||||||&#8221; background_color=&#8221;#FFFFFF&#8221; background_enable_image=&#8221;off&#8221; link_option_url=&#8221;https:\/\/www.mth-potsdam.de\/en\/blog-en\/3d-modelling-and-laser-cutters-in-the-classroom-how-the-hasso-plattner-institutes-kyub-system-brings-digital-and-practical-learning-together\/&#8221; link_option_url_new_window=&#8221;on&#8221; global_colors_info=&#8221;{}&#8221;]<\/p>\n<h4><img loading=\"lazy\" decoding=\"async\" src=\"https:\/\/kyub.com\/schule\/wp-content\/uploads\/2024\/03\/Screenshot-2024-03-10-190712-300x239.png\" width=\"300\" height=\"239\" alt=\"\" class=\"wp-image-385 alignleft size-medium\" \/><\/h4>\n<h4><\/h4>\n<h4><a href=\"https:\/\/www.mth-potsdam.de\/en\/blog-en\/3d-modelling-and-laser-cutters-in-the-classroom-how-the-hasso-plattner-institutes-kyub-system-brings-digital-and-practical-learning-together\/\" title=\"https:\/\/www.mth-potsdam.de\/en\/blog-en\/3d-modelling-and-laser-cutters-in-the-classroom-how-the-hasso-plattner-institutes-kyub-system-brings-digital-and-practical-learning-together\/\" target=\"_blank\" rel=\"noopener\">Mediatech Hub Potsdam<\/a><\/h4>\n<h4><a href=\"https:\/\/www.mth-potsdam.de\/en\/blog-en\/3d-modelling-and-laser-cutters-in-the-classroom-how-the-hasso-plattner-institutes-kyub-system-brings-digital-and-practical-learning-together\/\" title=\"https:\/\/www.mth-potsdam.de\/en\/blog-en\/3d-modelling-and-laser-cutters-in-the-classroom-how-the-hasso-plattner-institutes-kyub-system-brings-digital-and-practical-learning-together\/\">12. August 2021<\/a><\/h4>\n<p><a href=\"https:\/\/www.mth-potsdam.de\/en\/blog-en\/3d-modelling-and-laser-cutters-in-the-classroom-how-the-hasso-plattner-institutes-kyub-system-brings-digital-and-practical-learning-together\/\" title=\"https:\/\/www.mth-potsdam.de\/en\/blog-en\/3d-modelling-and-laser-cutters-in-the-classroom-how-the-hasso-plattner-institutes-kyub-system-brings-digital-and-practical-learning-together\/\">\u00a0<\/a><\/p>\n<p>[\/et_pb_text][\/et_pb_column][\/et_pb_row][et_pb_row _builder_version=&#8221;4.24.2&#8243; _module_preset=&#8221;default&#8221; global_colors_info=&#8221;{}&#8221;][et_pb_column type=&#8221;4_4&#8243; _builder_version=&#8221;4.24.2&#8243; _module_preset=&#8221;default&#8221; global_colors_info=&#8221;{}&#8221;][et_pb_text _builder_version=&#8221;4.24.2&#8243; _module_preset=&#8221;default&#8221; text_font=&#8221;||||||||&#8221; text_font_size=&#8221;18px&#8221; text_line_height=&#8221;1.4em&#8221; header_font=&#8221;|700|||||||&#8221; header_2_font=&#8221;Montserrat|700|||||||&#8221; background_color=&#8221;#FFFFFF&#8221; background_enable_image=&#8221;off&#8221; link_option_url=&#8221;https:\/\/deutsches-schulportal.de\/unterricht\/kyub-will-digitales-und-analoges-lernen-verbinden\/&#8221; link_option_url_new_window=&#8221;on&#8221; global_colors_info=&#8221;{}&#8221;]<\/p>\n<h4><img loading=\"lazy\" decoding=\"async\" src=\"https:\/\/kyub.com\/schule\/wp-content\/uploads\/2024\/03\/Screenshot-2024-03-10-185004-300x219.png\" width=\"300\" height=\"219\" alt=\"\" class=\"wp-image-377 alignleft size-medium\" \/><\/h4>\n<h4><\/h4>\n<h4><a href=\"https:\/\/deutsches-schulportal.de\/unterricht\/kyub-will-digitales-und-analoges-lernen-verbinden\/\" target=\"_blank\" rel=\"noopener\" title=\"https:\/\/deutsches-schulportal.de\/unterricht\/kyub-will-digitales-und-analoges-lernen-verbinden\/\">Deutsches Schulportal der Robert Bosch Stiftung<\/a><\/h4>\n<h4><a href=\"https:\/\/deutsches-schulportal.de\/unterricht\/kyub-will-digitales-und-analoges-lernen-verbinden\/\" target=\"_blank\" rel=\"noopener\" title=\"https:\/\/deutsches-schulportal.de\/unterricht\/kyub-will-digitales-und-analoges-lernen-verbinden\/\">21. September 2021<\/a><\/h4>\n<p>&nbsp;<\/p>\n<p>[\/et_pb_text][\/et_pb_column][\/et_pb_row][et_pb_row _builder_version=&#8221;4.24.2&#8243; _module_preset=&#8221;default&#8221; min_height=&#8221;250px&#8221; global_colors_info=&#8221;{}&#8221;][et_pb_column type=&#8221;4_4&#8243; _builder_version=&#8221;4.24.2&#8243; _module_preset=&#8221;default&#8221; global_colors_info=&#8221;{}&#8221;][et_pb_code _builder_version=&#8221;4.24.2&#8243; _module_preset=&#8221;default&#8221; global_colors_info=&#8221;{}&#8221;]<iframe loading=\"lazy\" src=\"https:\/\/podcast-hpi.podigee.io\/80-new-episode\/embed?context=website\" style=\"border: 0\" border=\"0\" height=\"300\" width=\"100%\"><\/iframe>[\/et_pb_code][\/et_pb_column][\/et_pb_row][et_pb_row _builder_version=&#8221;4.24.2&#8243; _module_preset=&#8221;default&#8221; global_colors_info=&#8221;{}&#8221;][et_pb_column type=&#8221;4_4&#8243; _builder_version=&#8221;4.24.2&#8243; _module_preset=&#8221;default&#8221; global_colors_info=&#8221;{}&#8221;][et_pb_signup mailchimp_list=&#8221;Wordpress|7223674729&#8243; title=&#8221;Newsletter&#8221; description=&#8221;<\/p>\n<p>Bleiben Sie \u00fcber die neuesten Updates informiert und melden Sie sich f\u00fcr unseren Newsletter an.<\/p>\n<p>&#8221; _builder_version=&#8221;4.24.2&#8243; _module_preset=&#8221;default&#8221; background_color=&#8221;#cecece&#8221; border_radii=&#8221;on|20px|20px|20px|20px&#8221; global_colors_info=&#8221;{}&#8221;][\/et_pb_signup][\/et_pb_column][\/et_pb_row][\/et_pb_section]<\/p>\n","protected":false},"excerpt":{"rendered":"<p>Unsere Mission Alle reden von Digitalisierung. Wir kommen aus dem Hasso-Plattner-Institut und sind damit bereits 100 % digital. Das erlaubt uns einen Schritt weiterzudenken: Was passiert eigentlich nach der Digitalisierung &#8211; was, wenn alles und alle digital sind? Welches sind die Folgen f\u00fcr Lernende und damit langfristig f\u00fcr die Gesellschaft? Auf dieser Frage baut unsere [&hellip;]<\/p>\n","protected":false},"author":3,"featured_media":0,"parent":0,"menu_order":0,"comment_status":"closed","ping_status":"closed","template":"","meta":{"_et_pb_use_builder":"on","_et_pb_old_content":"<!-- wp:paragraph -->\n\n<!-- \/wp:paragraph -->","_et_gb_content_width":"","footnotes":""},"class_list":["post-88","page","type-page","status-publish","hentry"],"_links":{"self":[{"href":"https:\/\/kyub.com\/schule\/index.php?rest_route=\/wp\/v2\/pages\/88","targetHints":{"allow":["GET"]}}],"collection":[{"href":"https:\/\/kyub.com\/schule\/index.php?rest_route=\/wp\/v2\/pages"}],"about":[{"href":"https:\/\/kyub.com\/schule\/index.php?rest_route=\/wp\/v2\/types\/page"}],"author":[{"embeddable":true,"href":"https:\/\/kyub.com\/schule\/index.php?rest_route=\/wp\/v2\/users\/3"}],"replies":[{"embeddable":true,"href":"https:\/\/kyub.com\/schule\/index.php?rest_route=%2Fwp%2Fv2%2Fcomments&post=88"}],"version-history":[{"count":116,"href":"https:\/\/kyub.com\/schule\/index.php?rest_route=\/wp\/v2\/pages\/88\/revisions"}],"predecessor-version":[{"id":533,"href":"https:\/\/kyub.com\/schule\/index.php?rest_route=\/wp\/v2\/pages\/88\/revisions\/533"}],"wp:attachment":[{"href":"https:\/\/kyub.com\/schule\/index.php?rest_route=%2Fwp%2Fv2%2Fmedia&parent=88"}],"curies":[{"name":"wp","href":"https:\/\/api.w.org\/{rel}","templated":true}]}}